{"id":43,"date":"2022-07-01T10:20:48","date_gmt":"2022-07-01T08:20:48","guid":{"rendered":"https:\/\/farbenfreude.freigeistdesign.com\/farbenfreude\/?page_id=43"},"modified":"2022-08-08T17:31:09","modified_gmt":"2022-08-08T15:31:09","slug":"farbenfreude","status":"publish","type":"page","link":"https:\/\/farbenfreude.freigeistdesign.com\/farbenfreude\/farbenfreude\/","title":{"rendered":"Farbenfreude"},"content":{"rendered":"<p><img decoding=\"async\" src=\"\/farbenfreude\/wp-content\/uploads\/2022\/07\/erlebnis_statt_ergebnis_aquarell_klecks.png\" alt=\"\"><br \/>\n<img decoding=\"async\" src=\"\/farbenfreude\/wp-content\/uploads\/2022\/07\/vogel.png\" alt=\"\"><\/p>\n<h1>Farbenfreude<\/h1>\n<div>\n<p>Meine Farbenfreude-Kurse bieten jeder Altersgruppe die M\u00f6glichkeit, f\u00fcr ein paar Stunden Abstand zum Alltag zu gewinnen und sich kreativ auszutoben. Mit jeder Menge Spa\u00df und Motiven, die gemeinsam mit allen Kursteilnehmern ausgesucht werden k\u00f6nnen, erschaffen wir kleine Kunstwerke, bei denen stets das Erlebnis im Vordergrund steht.<\/p>\n<\/div>\n<h2>F\u00fcr alle!<\/h2>\n<div>\n<p>Du glaubst, Du kannst nicht malen? Dann lass mich Dich vom Gegenteil \u00fcberzeugen! <br \/>Meine Erfahrungen mit vielen Malsch\u00fclern zeigen mir, dass jeder malen kann. Auch Du!<\/p>\n<\/div>\n<h1>Ein kleines kreatives Abenteuer<\/h1>\n<div>\n<div class=\"image-subtitle-wrapper\">\n<div class=\"image-subtitle sqs-dynamic-text\" data-width-percentage=\"13.2\">\n<p class=\"\">In diesen Kursen malen wir nach einfachen Vorlagen Bilder. Wir verwenden In erster Linie Aquarellfarben, weil sie so sch\u00f6n leuchten und so wunderbar flie\u00dfen. Blumen lassen sich so z. B. sehr sch\u00f6n gestalten \u2026 aber auch ganz viele andere Dinge.<br \/>Mit Buntstiften und Finelinern arbeiten wir dann das heraus, was uns besonders wichtig erscheint.<\/p>\n<p class=\"\">Die Kurse finden an den Volkshochschulen in Aichach, Schrobenhausen, K\u00f6nigsbrunn und Langweid statt.<br \/>Wenn drei bis f\u00fcnf Personen zusammenkommen, dann biete ich sie zus\u00e4tzlich in meinem Atelier an oder komme zu Dir nach Hause. Ich bringe alle Utensilien mit und Du kannst, ganz entspannt, mit Deinen Freunden und Freundinnen zuhause einen wunderbaren Malabend genie\u00dfen.<\/p>\n<p class=\"\">Meine Kurse k\u00f6nnen auch ganz wunderbar Deine Geburtstagsparty bereichern. Bei Interesse kannst Du mich gerne kontaktieren. Wenn Du dir gerne vorher noch einen \u00dcberblick dar\u00fcber verschaffen m\u00f6chtest, was Kursteilnehmer*innen vor Dir gezaubert haben, dann sieh Dich gerne in der untenstehenden Galerie um!<\/p>\n<\/div>\n<\/div>\n<div class=\"image-button-wrapper\">\n<div class=\"image-button sqs-dynamic-text\" data-width-percentage=\"13.2\">\n<div class=\"image-button-inner\"><\/div>\n<\/div>\n<\/div>\n<\/div>\n<ul>\n<li>\n        <a href=\"#galerie\">Zur Galerie<\/a>\n    <\/li>\n<li>\n        <a href=\"\/farbenfreude\/farbenfreude\/kontakt\/\">Kontakt aufnehmen<\/a>\n    <\/li>\n<\/ul>\n<p><img decoding=\"async\" src=\"\/farbenfreude\/wp-content\/uploads\/2022\/07\/krabbeltierchen-e1657285977332.png\" alt=\"\"><br \/>\n<img decoding=\"async\" src=\"\/farbenfreude\/wp-content\/uploads\/2022\/07\/elefant_hintergrund-e1657353737770.png\" alt=\"\"><\/p>\n<h1>Farbenfreude-Galerie<\/h1>\n<div>\n<p>In dieser Galerie findest Du viele Motive, die auch wir gemeinsam gestalten k\u00f6nnen. Falls Du eigene Ideen hast, erstelle ich gerne passende Vorlagen f\u00fcr unseren Kurs oder helfe Dir bei der freien Umsetzung.<\/p>\n<\/div>\n<ul>\n<li>\n<p>        <img decoding=\"async\" src=\"\/farbenfreude\/wp-content\/uploads\/2022\/07\/Vo%CC%88gel.jpg\" alt=\"\"><\/p>\n<\/li>\n<li>\n<p>        <img decoding=\"async\" src=\"\/farbenfreude\/wp-content\/uploads\/2022\/07\/Kakteen.jpg\" alt=\"\"><\/p>\n<\/li>\n<li>\n<p>        <img decoding=\"async\" src=\"\/farbenfreude\/wp-content\/uploads\/2022\/07\/Eiffelturm.jpg\" alt=\"\"><\/p>\n<\/li>\n<li>\n<p>        <img decoding=\"async\" src=\"\/farbenfreude\/wp-content\/uploads\/2022\/07\/Hippo.jpg\" alt=\"\"><\/p>\n<\/li>\n<li>\n<p>        <img decoding=\"async\" src=\"\/farbenfreude\/wp-content\/uploads\/2022\/07\/Kopfschmuck.jpg\" alt=\"\"><\/p>\n<\/li>\n<li>\n<p>        <img decoding=\"async\" src=\"\/farbenfreude\/wp-content\/uploads\/2022\/07\/Pilz.jpg\" alt=\"\"><\/p>\n<\/li>\n<li>\n<p>        <img decoding=\"async\" src=\"\/farbenfreude\/wp-content\/uploads\/2022\/07\/Kuh.jpg\" alt=\"\"><\/p>\n<\/li>\n<li>\n<p>        <img decoding=\"async\" src=\"\/farbenfreude\/wp-content\/uploads\/2022\/07\/Abenteuer.jpg\" alt=\"\"><\/p>\n<\/li>\n<li>\n<p>        <img decoding=\"async\" src=\"\/farbenfreude\/wp-content\/uploads\/2022\/07\/Skater_Voegel.jpg\" alt=\"\"><\/p>\n<\/li>\n<li>\n<p>        <img decoding=\"async\" src=\"\/farbenfreude\/wp-content\/uploads\/2022\/07\/Seeloewe.jpg\" alt=\"\"><\/p>\n<\/li>\n<li>\n<p>        <img decoding=\"async\" src=\"\/farbenfreude\/wp-content\/uploads\/2022\/07\/Strand.jpg\" alt=\"\"><\/p>\n<\/li>\n<\/ul>\n<p><!--more--><br \/>\n<!-- {\"type\":\"layout\",\"children\":[{\"type\":\"section\",\"props\":{\"style\":\"default\",\"width\":\"\",\"vertical_align\":\"middle\",\"title_position\":\"top-left\",\"title_rotation\":\"left\",\"title_breakpoint\":\"xl\",\"image_position\":\"center-center\",\"height\":\"full\",\"width_expand\":\"left\",\"image\":\"wp-content\\\/uploads\\\/2022\\\/07\\\/start_bus_happy_painting.jpg\",\"image_size\":\"cover\",\"image_effect\":\"fixed\",\"image_parallax_bgx_start\":\"0\",\"image_parallax_bgy_start\":\"0\",\"image_parallax_bgy_end\":\"70\",\"image_parallax_easing\":\"0.7\",\"header_transparent_noplaceholder\":false,\"class\":\"\"},\"children\":[{\"type\":\"row\",\"props\":{\"column_gap\":\"collapse\",\"row_gap\":\"collapse\"},\"children\":[{\"type\":\"column\",\"props\":{\"position_sticky_breakpoint\":\"m\",\"image_position\":\"center-center\",\"media_overlay_gradient\":\"\",\"width_medium\":\"\",\"image\":\"\",\"image_size\":\"cover\",\"image_height\":\"800\",\"vertical_align\":\"middle\"},\"children\":[]}]}],\"name\":\"Gro\\u00dfes Bild ganz oben, gro\\u00dfe Bildschirme\"},{\"type\":\"section\",\"props\":{\"style\":\"default\",\"width\":\"default\",\"vertical_align\":\"middle\",\"title_position\":\"top-left\",\"title_rotation\":\"left\",\"title_breakpoint\":\"xl\",\"image_position\":\"center-center\",\"padding\":\"large\",\"width_expand\":\"left\",\"animation\":\"slide-right-medium\",\"animation_delay\":\"300\"},\"children\":[{\"type\":\"row\",\"props\":{\"layout\":\"2-3,1-3\",\"column_gap\":\"collapse\",\"row_gap\":\"collapse\",\"margin_remove_bottom\":false},\"children\":[{\"type\":\"column\",\"props\":{\"position_sticky_breakpoint\":\"m\",\"image_position\":\"center-center\",\"media_overlay_gradient\":\"\",\"width_medium\":\"2-3\",\"vertical_align\":\"bottom\"},\"children\":[{\"type\":\"image\",\"props\":{\"margin\":\"default\",\"image_svg_color\":\"emphasis\",\"container_padding_remove\":true,\"animation\":\"parallax\",\"image\":\"wp-content\\\/uploads\\\/2022\\\/07\\\/erlebnis_statt_ergebnis_aquarell_klecks.png\",\"visibility\":\"s\",\"parallax_x_end\":\"0\",\"parallax_y_start\":\"-60\",\"parallax_y_end\":\"60\"}}]},{\"type\":\"column\",\"props\":{\"position_sticky_breakpoint\":\"m\",\"image_position\":\"center-center\",\"media_overlay_gradient\":\"\",\"width_medium\":\"1-3\",\"image\":\"\",\"vertical_align\":\"middle\"},\"children\":[{\"type\":\"image\",\"props\":{\"margin\":\"default\",\"image_svg_color\":\"emphasis\",\"image\":\"wp-content\\\/uploads\\\/2022\\\/07\\\/vogel.png\",\"image_height\":\"120\",\"position\":\"relative\",\"position_left\":\"0\",\"animation\":\"parallax\",\"parallax_y_start\":\"0\",\"parallax_y_end\":\"0\",\"parallax_x_start\":\"600\",\"parallax_x_end\":\"-10\",\"parallax_easing\":\"-2\",\"parallax_viewport\":\"0\",\"position_bottom\":\"-50\",\"parallax_rotate_end\":\"360\",\"parallax_rotate_start\":\"0\"}},{\"type\":\"headline\",\"props\":{\"title_element\":\"h1\",\"content\":\"Farbenfreude\"}},{\"type\":\"text\",\"props\":{\"margin\":\"default\",\"column_breakpoint\":\"m\",\"content\":\"\n\n<p>Meine Farbenfreude-Kurse bieten jeder Altersgruppe die M\\u00f6glichkeit, f\\u00fcr ein paar Stunden Abstand zum Alltag zu gewinnen und sich kreativ auszutoben. Mit jeder Menge Spa\\u00df und Motiven, die gemeinsam mit allen Kursteilnehmern ausgesucht werden k\\u00f6nnen, erschaffen wir kleine Kunstwerke, bei denen stets das Erlebnis im Vordergrund steht.<\\\/p>\"}}]}]}]},{\"type\":\"section\",\"props\":{\"style\":\"default\",\"width\":\"\",\"vertical_align\":\"middle\",\"title_position\":\"top-left\",\"title_rotation\":\"left\",\"title_breakpoint\":\"xl\",\"image_position\":\"top-center\",\"image\":\"wp-content\\\/uploads\\\/2022\\\/07\\\/hellerhippo_hintergrund.jpg\",\"height\":\"full\",\"image_size\":\"cover\",\"animation\":\"slide-bottom-medium\",\"animation_delay\":\"300\"},\"children\":[{\"type\":\"row\",\"children\":[{\"type\":\"column\",\"props\":{\"position_sticky_breakpoint\":\"m\",\"image_position\":\"center-center\",\"media_overlay_gradient\":\"\",\"vertical_align\":\"bottom\"},\"children\":[{\"type\":\"headline\",\"props\":{\"title_element\":\"h2\",\"content\":\"F\\u00fcr alle!\",\"title_style\":\"h1\"}},{\"type\":\"text\",\"props\":{\"margin\":\"default\",\"column_breakpoint\":\"m\",\"content\":\"\n\n<p>Du glaubst, Du kannst nicht malen? Dann lass mich Dich vom Gegenteil \\u00fcberzeugen! <br \\\/>Meine Erfahrungen mit vielen Malsch\\u00fclern zeigen mir, dass jeder malen kann. Auch Du!<\\\/p>\"}}]}],\"props\":{\"width\":\"default\",\"height\":\"full\"}}]},{\"type\":\"section\",\"props\":{\"style\":\"default\",\"width\":\"default\",\"vertical_align\":\"middle\",\"title_position\":\"top-left\",\"title_rotation\":\"left\",\"title_breakpoint\":\"xl\",\"image_position\":\"center-center\",\"padding_remove_top\":false,\"padding\":\"large\",\"image\":\"\",\"image_height\":\"120\",\"image_effect\":\"parallax\",\"image_parallax_bgy_start\":\"0\",\"image_parallax_bgx_start\":\"-600\",\"image_parallax_bgx_end\":\"-600\",\"image_parallax_bgy_end\":\"-270\",\"padding_remove_bottom\":true},\"children\":[{\"type\":\"row\",\"children\":[{\"type\":\"column\",\"props\":{\"position_sticky_breakpoint\":\"m\",\"image_position\":\"center-center\",\"media_overlay_gradient\":\"\",\"image\":\"\",\"image_height\":\"120\",\"image_effect\":\"parallax\"},\"children\":[{\"type\":\"headline\",\"props\":{\"title_element\":\"h1\",\"content\":\"Ein kleines kreatives Abenteuer\",\"position\":\"relative\",\"position_bottom\":\"0\"}},{\"type\":\"text\",\"props\":{\"margin\":\"default\",\"column_breakpoint\":\"m\",\"content\":\"\n\n<div class=\\\"image-subtitle-wrapper\\\">\\n\n\n<div class=\\\"image-subtitle sqs-dynamic-text\\\" data-width-percentage=\\\"13.2\\\">\\n\n\n<p class=\\\"\\\">In diesen Kursen malen wir nach einfachen Vorlagen Bilder. Wir verwenden In erster Linie Aquarellfarben, weil sie so sch\\u00f6n leuchten und so wunderbar flie\\u00dfen. Blumen lassen sich so z. B. sehr sch\\u00f6n gestalten \\u2026 aber auch ganz viele andere Dinge.<br \\\/>Mit Buntstiften und Finelinern arbeiten wir dann das heraus, was uns besonders wichtig erscheint.<\\\/p>\\n\n\n<p class=\\\"\\\">Die Kurse finden an den Volkshochschulen in Aichach, Schrobenhausen, K\\u00f6nigsbrunn und Langweid statt.<br \\\/>Wenn drei bis f\\u00fcnf Personen zusammenkommen, dann biete ich sie zus\\u00e4tzlich in meinem Atelier an oder komme zu Dir nach Hause. Ich bringe alle Utensilien mit und Du kannst, ganz entspannt, mit Deinen Freunden und Freundinnen zuhause einen wunderbaren Malabend genie\\u00dfen.<\\\/p>\\n\n\n<p class=\\\"\\\">Meine Kurse k\\u00f6nnen auch ganz wunderbar Deine Geburtstagsparty bereichern. Bei Interesse kannst Du mich gerne kontaktieren. Wenn Du dir gerne vorher noch einen \\u00dcberblick dar\\u00fcber verschaffen m\\u00f6chtest, was Kursteilnehmer*innen vor Dir gezaubert haben, dann sieh Dich gerne in der untenstehenden Galerie um!<\\\/p>\\n<\\\/div>\\n<\\\/div>\\n\n\n<div class=\\\"image-button-wrapper\\\">\\n\n\n<div class=\\\"image-button sqs-dynamic-text\\\" data-width-percentage=\\\"13.2\\\">\\n\n\n<div class=\\\"image-button-inner\\\"><\\\/div>\\n<\\\/div>\\n<\\\/div>\",\"position\":\"relative\",\"position_bottom\":\"0\"}},{\"type\":\"button\",\"props\":{\"grid_column_gap\":\"medium\",\"grid_row_gap\":\"small\",\"margin\":\"default\",\"position\":\"relative\",\"position_bottom\":\"0\"},\"children\":[{\"type\":\"button_item\",\"props\":{\"button_style\":\"default\",\"icon_align\":\"left\",\"content\":\"Zur Galerie\",\"link\":\"#galerie\",\"icon\":\"chevron-down\"}},{\"type\":\"button_item\",\"props\":{\"button_style\":\"default\",\"icon_align\":\"left\",\"content\":\"Kontakt aufnehmen\",\"link\":\"farbenfreude\\\/kontakt\\\/\",\"icon\":\"comment\"}}]},{\"type\":\"image\",\"props\":{\"margin\":\"remove-vertical\",\"image_svg_color\":\"emphasis\",\"image\":\"wp-content\\\/uploads\\\/2022\\\/07\\\/krabbeltierchen-e1657285977332.png\",\"image_height\":\"120\",\"position\":\"relative\",\"position_bottom\":\"240\",\"animation\":\"parallax\",\"parallax_y_end\":\"-580\",\"parallax_rotate_end\":\"130\",\"parallax_easing\":\"0\",\"parallax_y_start\":\"-50\",\"parallax_rotate_start\":\"0\",\"parallax_x_end\":\"0\",\"parallax_x_start\":\"-60\",\"parallax_scale_start\":\"1\"}}]}]}]},{\"type\":\"section\",\"props\":{\"style\":\"default\",\"width\":\"default\",\"vertical_align\":\"middle\",\"title_position\":\"top-left\",\"title_rotation\":\"left\",\"title_breakpoint\":\"xl\",\"image_position\":\"top-left\",\"image\":\"\",\"image_height\":\"400\",\"image_parallax_bgy_end\":\"-400\",\"padding_remove_top\":true},\"children\":[{\"type\":\"row\",\"children\":[{\"type\":\"column\",\"props\":{\"position_sticky_breakpoint\":\"m\",\"image_position\":\"center-center\",\"media_overlay_gradient\":\"\",\"width_medium\":\"\",\"image\":\"\",\"image_size\":\"contain\"},\"children\":[{\"type\":\"image\",\"props\":{\"margin\":\"default\",\"image_svg_color\":\"emphasis\",\"image\":\"wp-content\\\/uploads\\\/2022\\\/07\\\/elefant_hintergrund-e1657353737770.png\",\"position\":\"relative\",\"position_bottom\":\"-70\",\"image_height\":\"250\",\"animation\":\"parallax\",\"parallax_x_start\":\"-240\",\"parallax_x_end\":\"570\",\"parallax_y_end\":\"-100\",\"parallax_viewport\":\"0\",\"parallax_easing\":\"0\",\"parallax_y_start\":\"60\"}},{\"type\":\"headline\",\"props\":{\"title_element\":\"h1\",\"content\":\"Farbenfreude-Galerie\",\"position\":\"relative\",\"position_bottom\":\"0\",\"id\":\"galerie\"}},{\"type\":\"text\",\"props\":{\"margin\":\"default\",\"column_breakpoint\":\"m\",\"content\":\"\n\n<p>In dieser Galerie findest Du viele Motive, die auch wir gemeinsam gestalten k\\u00f6nnen. Falls Du eigene Ideen hast, erstelle ich gerne passende Vorlagen f\\u00fcr unseren Kurs oder helfe Dir bei der freien Umsetzung.<\\\/p>\"}}]}]}]},{\"type\":\"section\",\"props\":{\"style\":\"default\",\"width\":\"\",\"vertical_align\":\"middle\",\"title_position\":\"top-left\",\"title_rotation\":\"left\",\"title_breakpoint\":\"xl\",\"image_position\":\"center-center\",\"padding\":\"large\",\"padding_remove_top\":true,\"animation\":\"slide-bottom-medium\",\"animation_delay\":\"300\"},\"children\":[{\"type\":\"row\",\"children\":[{\"type\":\"column\",\"props\":{\"position_sticky_breakpoint\":\"m\",\"image_position\":\"center-center\",\"media_overlay_gradient\":\"\"},\"children\":[{\"type\":\"gallery\",\"props\":{\"show_title\":false,\"show_meta\":false,\"show_content\":false,\"show_link\":false,\"show_hover_image\":false,\"grid_default\":\"1\",\"grid_medium\":\"3\",\"filter_style\":\"tab\",\"filter_all\":true,\"filter_position\":\"top\",\"filter_align\":\"left\",\"filter_grid_width\":\"auto\",\"filter_grid_breakpoint\":\"m\",\"overlay_mode\":\"cover\",\"overlay_hover\":false,\"overlay_style\":\"\",\"text_color\":\"light\",\"overlay_position\":\"center\",\"overlay_transition\":\"slide-left\",\"title_hover_style\":\"reset\",\"title_element\":\"h3\",\"meta_style\":\"meta\",\"meta_align\":\"below-title\",\"meta_element\":\"div\",\"link_text\":\"Vergr\\u00f6\\u00dfern\",\"link_style\":\"default\",\"text_align\":\"center\",\"margin\":\"default\",\"item_animation\":true,\"grid_large\":\"3\",\"grid_xlarge\":\"3\",\"grid_masonry\":true,\"grid_parallax\":\"0\",\"lightbox\":true,\"content_display\":\"lightbox\",\"title_style\":\"h3\",\"image_transition\":\"scale-up\",\"image_min_height\":\"400\",\"lightbox_image_orientation\":false,\"animation\":\"slide-bottom-medium\",\"parallax_y_start\":\"0\",\"parallax_y_end\":\"0\",\"grid_column_gap\":\"collapse\",\"grid_row_gap\":\"collapse\",\"grid_column_align\":false,\"grid_row_align\":false,\"grid_small\":\"2\"},\"children\":[{\"type\":\"gallery_item\",\"props\":{\"title\":\"\",\"image\":\"wp-content\\\/uploads\\\/2022\\\/07\\\/Vo\\u0308gel.jpg\"}},{\"type\":\"gallery_item\",\"props\":{\"title\":\"\",\"image\":\"wp-content\\\/uploads\\\/2022\\\/07\\\/Kakteen.jpg\"}},{\"type\":\"gallery_item\",\"props\":{\"title\":\"\",\"image\":\"wp-content\\\/uploads\\\/2022\\\/07\\\/Eiffelturm.jpg\"}},{\"type\":\"gallery_item\",\"props\":{\"title\":\"\",\"image\":\"wp-content\\\/uploads\\\/2022\\\/07\\\/Hippo.jpg\"}},{\"type\":\"gallery_item\",\"props\":{\"image\":\"wp-content\\\/uploads\\\/2022\\\/07\\\/Kopfschmuck.jpg\"}},{\"type\":\"gallery_item\",\"props\":{\"image\":\"wp-content\\\/uploads\\\/2022\\\/07\\\/Pilz.jpg\"}},{\"type\":\"gallery_item\",\"props\":{\"image\":\"wp-content\\\/uploads\\\/2022\\\/07\\\/Kuh.jpg\"}},{\"type\":\"gallery_item\",\"props\":{\"image\":\"wp-content\\\/uploads\\\/2022\\\/07\\\/Abenteuer.jpg\"}},{\"type\":\"gallery_item\",\"props\":{\"image\":\"wp-content\\\/uploads\\\/2022\\\/07\\\/Skater_Voegel.jpg\"}},{\"type\":\"gallery_item\",\"props\":{\"image\":\"wp-content\\\/uploads\\\/2022\\\/07\\\/Seeloewe.jpg\"}},{\"type\":\"gallery_item\",\"props\":{\"image\":\"wp-content\\\/uploads\\\/2022\\\/07\\\/Strand.jpg\"}}]}]}]}],\"name\":\"Galerie\"}],\"version\":\"2.7.22\"} --><\/p>\n","protected":false},"excerpt":{"rendered":"<p>Farbenfreude Meine Farbenfreude-Kurse bieten jeder Altersgruppe die M\u00f6glichkeit, f\u00fcr ein paar Stunden Abstand zum Alltag zu gewinnen und sich kreativ auszutoben. Mit jeder Menge Spa\u00df und Motiven, die gemeinsam mit [&hellip;]<\/p>\n","protected":false},"author":1,"featured_media":0,"parent":0,"menu_order":0,"comment_status":"closed","ping_status":"closed","template":"","meta":{"footnotes":""},"class_list":["post-43","page","type-page","status-publish","hentry"],"_links":{"self":[{"href":"https:\/\/farbenfreude.freigeistdesign.com\/farbenfreude\/wp-json\/wp\/v2\/pages\/43","targetHints":{"allow":["GET"]}}],"collection":[{"href":"https:\/\/farbenfreude.freigeistdesign.com\/farbenfreude\/wp-json\/wp\/v2\/pages"}],"about":[{"href":"https:\/\/farbenfreude.freigeistdesign.com\/farbenfreude\/wp-json\/wp\/v2\/types\/page"}],"author":[{"embeddable":true,"href":"https:\/\/farbenfreude.freigeistdesign.com\/farbenfreude\/wp-json\/wp\/v2\/users\/1"}],"replies":[{"embeddable":true,"href":"https:\/\/farbenfreude.freigeistdesign.com\/farbenfreude\/wp-json\/wp\/v2\/comments?post=43"}],"version-history":[{"count":82,"href":"https:\/\/farbenfreude.freigeistdesign.com\/farbenfreude\/wp-json\/wp\/v2\/pages\/43\/revisions"}],"predecessor-version":[{"id":944,"href":"https:\/\/farbenfreude.freigeistdesign.com\/farbenfreude\/wp-json\/wp\/v2\/pages\/43\/revisions\/944"}],"wp:attachment":[{"href":"https:\/\/farbenfreude.freigeistdesign.com\/farbenfreude\/wp-json\/wp\/v2\/media?parent=43"}],"curies":[{"name":"wp","href":"https:\/\/api.w.org\/{rel}","templated":true}]}}